{"id":926,"date":"2023-12-10T17:15:21","date_gmt":"2023-12-10T16:15:21","guid":{"rendered":"https:\/\/choeuracorps.ch\/?page_id=926"},"modified":"2025-08-26T08:51:10","modified_gmt":"2025-08-26T06:51:10","slug":"choeur-a-corps-eclats-de-vie","status":"publish","type":"page","link":"https:\/\/choeuracorps.ch\/index.php\/choeur-a-corps-eclats-de-vie\/","title":{"rendered":"\u00c9clats de vie"},"content":{"rendered":"\n<div class=\"wp-block-group\"><div class=\"wp-block-group__inner-container is-layout-flow wp-block-group-is-layout-flow\">\n<h3 class=\"wp-block-heading has-vivid-red-color has-text-color\" style=\"font-size:28px\">\u00c9clats de vie<\/h3>\n<\/div><\/div>\n\n\n\n<p>Pour f\u00eater ses 30 ans d&rsquo;existence, Ch\u0153ur \u00e0 corps a pr\u00e9sent\u00e9 sa derni\u00e8re cr\u00e9ation <mark style=\"background-color:rgba(0, 0, 0, 0)\" class=\"has-inline-color has-vivid-red-color\"><strong>\u00ab\u00a0\u00c9clats de vie\u00a0\u00bb<\/strong><\/mark> le dimanche 2 juin 2024 au Th\u00e9\u00e2tre Le Reflet de Vevey.<\/p>\n\n\n\n<div class=\"wp-block-buttons is-content-justification-right is-layout-flex wp-container-core-buttons-is-layout-1 wp-block-buttons-is-layout-flex\"><\/div>\n\n\n\n<div class=\"wp-block-columns is-layout-flex wp-container-core-columns-is-layout-1 wp-block-columns-is-layout-flex\">\n<div class=\"wp-block-column is-layout-flow wp-block-column-is-layout-flow\"><\/div>\n<\/div>\n\n\n\n<figure class=\"wp-block-image\"><img fetchpriority=\"high\" decoding=\"async\" width=\"722\" height=\"1024\" src=\"https:\/\/choeuracorps.ch\/wp-content\/uploads\/2024\/03\/Flyer-CAC-A5-recto-722x1024.jpg\" alt=\"\" class=\"wp-image-1014\" srcset=\"https:\/\/choeuracorps.ch\/wp-content\/uploads\/2024\/03\/Flyer-CAC-A5-recto-722x1024.jpg 722w, https:\/\/choeuracorps.ch\/wp-content\/uploads\/2024\/03\/Flyer-CAC-A5-recto-211x300.jpg 211w, https:\/\/choeuracorps.ch\/wp-content\/uploads\/2024\/03\/Flyer-CAC-A5-recto-768x1090.jpg 768w, https:\/\/choeuracorps.ch\/wp-content\/uploads\/2024\/03\/Flyer-CAC-A5-recto-1083x1536.jpg 1083w, https:\/\/choeuracorps.ch\/wp-content\/uploads\/2024\/03\/Flyer-CAC-A5-recto-1444x2048.jpg 1444w, https:\/\/choeuracorps.ch\/wp-content\/uploads\/2024\/03\/Flyer-CAC-A5-recto.jpg 1748w\" sizes=\"(max-width: 722px) 100vw, 722px\" \/><\/figure>\n\n\n\n<p><\/p>\n\n\n\n<p>Fid\u00e8le \u00e0 sa tradition, entrem\u00ealant chant et danse, ce ch\u0153ur de femmes vous emm\u00e8ne cette ann\u00e9e \u00e0 la rencontre d\u2019histoires de vie, instants flash, qui nous plongent au c\u0153ur d\u2019\u00e9v\u00e8nements d\u00e9terminant le cours de notre existence.<\/p>\n\n\n\n<p>Les chansons contemporaines, arrang\u00e9es avec cr\u00e9ativit\u00e9 par <a href=\"https:\/\/choeuracorps.ch\/index.php\/direction\/\">Claire Benhamou<\/a> et chor\u00e9graphi\u00e9es soigneusement par <a href=\"https:\/\/choeuracorps.ch\/index.php\/choregraphies\/\">Carol Appr\u00e9deris<\/a>, illustrent avec d\u00e9licatesse: amour et doute, camaraderie et isolement, r\u00e9volte et acceptation. Ces femmes pleines de vie, anonymes mais universelles, ouvrent leur c\u0153ur comme un exutoire.<\/p>\n\n\n\n<p>Un spectacle riche en \u00e9motions et en sensibilit\u00e9 artistique \u00e0 ne pas manquer !<\/p>\n","protected":false},"excerpt":{"rendered":"<p>\u00c9clats de vie Pour f\u00eater ses 30 ans d&rsquo;existence, Ch\u0153ur \u00e0 corps a pr\u00e9sent\u00e9 sa derni\u00e8re cr\u00e9ation \u00ab\u00a0\u00c9clats de vie\u00a0\u00bb le dimanche 2 juin 2024 au Th\u00e9\u00e2tre Le Reflet de Vevey. Fid\u00e8le \u00e0 sa tradition, entrem\u00ealant chant et danse, ce<\/p>\n","protected":false},"author":1,"featured_media":1014,"parent":0,"menu_order":0,"comment_status":"closed","ping_status":"closed","template":"","meta":{"footnotes":""},"yoast_head":"<!-- This site is optimized with the Yoast SEO plugin v22.5 - https:\/\/yoast.com\/wordpress\/plugins\/seo\/ -->\n<title>Ch\u0153ur \u00e0 corps - Nouveau spectacle &quot;\u00c9clats de vie&quot;<\/title>\n<meta name=\"description\" content=\"Ch\u0153ur \u00e0 corps f\u00eate ses 30 ans d&#039;existence et pr\u00e9sentera sa nouvelle cr\u00e9ation &quot;\u00c9clats de vie&quot; le dimanche 2 juin 2024 au Th\u00e9\u00e2tre Le Reflet de Vevey. Fid\u00e8le \u00e0 sa tradition, entrem\u00ealant chant et danse, ce ch\u0153ur de femmes vous emm\u00e8ne cette ann\u00e9e \u00e0 la rencontre d\u2019histoires de vie, instants flash, qui nous plongent au c\u0153ur d\u2019\u00e9v\u00e8nements d\u00e9terminant le cours de notre existence. Les chansons contemporaines, arrang\u00e9es avec cr\u00e9ativit\u00e9 par Claire Benhamou et chor\u00e9graphi\u00e9es soigneusement par Carol Appr\u00e9deris, illustrent avec d\u00e9licatesse: amour et doute, camaraderie et isolement, r\u00e9volte et acceptation. Ces femmes pleines de vie, anonymes mais universelles, ouvrent leur c\u0153ur comme un exutoire. Un spectacle riche en \u00e9motions et en sensibilit\u00e9 artistique \u00e0 ne pas manquer !\" \/>\n<meta name=\"robots\" content=\"index, follow, max-snippet:-1, max-image-preview:large, max-video-preview:-1\" \/>\n<link rel=\"canonical\" href=\"https:\/\/choeuracorps.ch\/index.php\/choeur-a-corps-eclats-de-vie\/\" \/>\n<meta property=\"og:locale\" content=\"fr_FR\" \/>\n<meta property=\"og:type\" content=\"article\" \/>\n<meta property=\"og:title\" content=\"Ch\u0153ur \u00e0 corps - Nouveau spectacle &quot;\u00c9clats de vie&quot;\" \/>\n<meta property=\"og:description\" content=\"Ch\u0153ur \u00e0 corps f\u00eate ses 30 ans d&#039;existence et pr\u00e9sentera sa nouvelle cr\u00e9ation &quot;\u00c9clats de vie&quot; le dimanche 2 juin 2024 au Th\u00e9\u00e2tre Le Reflet de Vevey. Fid\u00e8le \u00e0 sa tradition, entrem\u00ealant chant et danse, ce ch\u0153ur de femmes vous emm\u00e8ne cette ann\u00e9e \u00e0 la rencontre d\u2019histoires de vie, instants flash, qui nous plongent au c\u0153ur d\u2019\u00e9v\u00e8nements d\u00e9terminant le cours de notre existence. Les chansons contemporaines, arrang\u00e9es avec cr\u00e9ativit\u00e9 par Claire Benhamou et chor\u00e9graphi\u00e9es soigneusement par Carol Appr\u00e9deris, illustrent avec d\u00e9licatesse: amour et doute, camaraderie et isolement, r\u00e9volte et acceptation. Ces femmes pleines de vie, anonymes mais universelles, ouvrent leur c\u0153ur comme un exutoire. Un spectacle riche en \u00e9motions et en sensibilit\u00e9 artistique \u00e0 ne pas manquer !\" \/>\n<meta property=\"og:url\" content=\"https:\/\/choeuracorps.ch\/index.php\/choeur-a-corps-eclats-de-vie\/\" \/>\n<meta property=\"og:site_name\" content=\"Choeur \u00e0 corps\" \/>\n<meta property=\"article:publisher\" content=\"https:\/\/www.facebook.com\/choeuracorps\/\" \/>\n<meta property=\"article:modified_time\" content=\"2025-08-26T06:51:10+00:00\" \/>\n<meta property=\"og:image\" content=\"https:\/\/choeuracorps.ch\/wp-content\/uploads\/2024\/03\/Flyer-CAC-A5-recto.jpg\" \/>\n\t<meta property=\"og:image:width\" content=\"1748\" \/>\n\t<meta property=\"og:image:height\" content=\"2480\" \/>\n\t<meta property=\"og:image:type\" content=\"image\/jpeg\" \/>\n<meta name=\"twitter:card\" content=\"summary_large_image\" \/>\n<meta name=\"twitter:label1\" content=\"Dur\u00e9e de lecture estim\u00e9e\" \/>\n\t<meta name=\"twitter:data1\" content=\"2 minutes\" \/>\n<script type=\"application\/ld+json\" class=\"yoast-schema-graph\">{\"@context\":\"https:\/\/schema.org\",\"@graph\":[{\"@type\":\"WebPage\",\"@id\":\"https:\/\/choeuracorps.ch\/index.php\/choeur-a-corps-eclats-de-vie\/\",\"url\":\"https:\/\/choeuracorps.ch\/index.php\/choeur-a-corps-eclats-de-vie\/\",\"name\":\"Ch\u0153ur \u00e0 corps - Nouveau spectacle \\\"\u00c9clats de vie\\\"\",\"isPartOf\":{\"@id\":\"https:\/\/choeuracorps.ch\/#website\"},\"primaryImageOfPage\":{\"@id\":\"https:\/\/choeuracorps.ch\/index.php\/choeur-a-corps-eclats-de-vie\/#primaryimage\"},\"image\":{\"@id\":\"https:\/\/choeuracorps.ch\/index.php\/choeur-a-corps-eclats-de-vie\/#primaryimage\"},\"thumbnailUrl\":\"https:\/\/choeuracorps.ch\/wp-content\/uploads\/2024\/03\/Flyer-CAC-A5-recto.jpg\",\"datePublished\":\"2023-12-10T16:15:21+00:00\",\"dateModified\":\"2025-08-26T06:51:10+00:00\",\"description\":\"Ch\u0153ur \u00e0 corps f\u00eate ses 30 ans d'existence et pr\u00e9sentera sa nouvelle cr\u00e9ation \\\"\u00c9clats de vie\\\" le dimanche 2 juin 2024 au Th\u00e9\u00e2tre Le Reflet de Vevey. Fid\u00e8le \u00e0 sa tradition, entrem\u00ealant chant et danse, ce ch\u0153ur de femmes vous emm\u00e8ne cette ann\u00e9e \u00e0 la rencontre d\u2019histoires de vie, instants flash, qui nous plongent au c\u0153ur d\u2019\u00e9v\u00e8nements d\u00e9terminant le cours de notre existence. Les chansons contemporaines, arrang\u00e9es avec cr\u00e9ativit\u00e9 par Claire Benhamou et chor\u00e9graphi\u00e9es soigneusement par Carol Appr\u00e9deris, illustrent avec d\u00e9licatesse: amour et doute, camaraderie et isolement, r\u00e9volte et acceptation. Ces femmes pleines de vie, anonymes mais universelles, ouvrent leur c\u0153ur comme un exutoire. Un spectacle riche en \u00e9motions et en sensibilit\u00e9 artistique \u00e0 ne pas manquer !\",\"breadcrumb\":{\"@id\":\"https:\/\/choeuracorps.ch\/index.php\/choeur-a-corps-eclats-de-vie\/#breadcrumb\"},\"inLanguage\":\"fr-FR\",\"potentialAction\":[{\"@type\":\"ReadAction\",\"target\":[\"https:\/\/choeuracorps.ch\/index.php\/choeur-a-corps-eclats-de-vie\/\"]}]},{\"@type\":\"ImageObject\",\"inLanguage\":\"fr-FR\",\"@id\":\"https:\/\/choeuracorps.ch\/index.php\/choeur-a-corps-eclats-de-vie\/#primaryimage\",\"url\":\"https:\/\/choeuracorps.ch\/wp-content\/uploads\/2024\/03\/Flyer-CAC-A5-recto.jpg\",\"contentUrl\":\"https:\/\/choeuracorps.ch\/wp-content\/uploads\/2024\/03\/Flyer-CAC-A5-recto.jpg\",\"width\":1748,\"height\":2480},{\"@type\":\"BreadcrumbList\",\"@id\":\"https:\/\/choeuracorps.ch\/index.php\/choeur-a-corps-eclats-de-vie\/#breadcrumb\",\"itemListElement\":[{\"@type\":\"ListItem\",\"position\":1,\"name\":\"Accueil\",\"item\":\"https:\/\/choeuracorps.ch\/\"},{\"@type\":\"ListItem\",\"position\":2,\"name\":\"\u00c9clats de vie\"}]},{\"@type\":\"WebSite\",\"@id\":\"https:\/\/choeuracorps.ch\/#website\",\"url\":\"https:\/\/choeuracorps.ch\/\",\"name\":\"Ch\u0153ur \u00e0 corps\",\"description\":\"\",\"potentialAction\":[{\"@type\":\"SearchAction\",\"target\":{\"@type\":\"EntryPoint\",\"urlTemplate\":\"https:\/\/choeuracorps.ch\/?s={search_term_string}\"},\"query-input\":\"required name=search_term_string\"}],\"inLanguage\":\"fr-FR\"}]}<\/script>\n<!-- \/ Yoast SEO plugin. -->","yoast_head_json":{"title":"Ch\u0153ur \u00e0 corps - Nouveau spectacle \"\u00c9clats de vie\"","description":"Ch\u0153ur \u00e0 corps f\u00eate ses 30 ans d'existence et pr\u00e9sentera sa nouvelle cr\u00e9ation \"\u00c9clats de vie\" le dimanche 2 juin 2024 au Th\u00e9\u00e2tre Le Reflet de Vevey. Fid\u00e8le \u00e0 sa tradition, entrem\u00ealant chant et danse, ce ch\u0153ur de femmes vous emm\u00e8ne cette ann\u00e9e \u00e0 la rencontre d\u2019histoires de vie, instants flash, qui nous plongent au c\u0153ur d\u2019\u00e9v\u00e8nements d\u00e9terminant le cours de notre existence. Les chansons contemporaines, arrang\u00e9es avec cr\u00e9ativit\u00e9 par Claire Benhamou et chor\u00e9graphi\u00e9es soigneusement par Carol Appr\u00e9deris, illustrent avec d\u00e9licatesse: amour et doute, camaraderie et isolement, r\u00e9volte et acceptation. Ces femmes pleines de vie, anonymes mais universelles, ouvrent leur c\u0153ur comme un exutoire. Un spectacle riche en \u00e9motions et en sensibilit\u00e9 artistique \u00e0 ne pas manquer !","robots":{"index":"index","follow":"follow","max-snippet":"max-snippet:-1","max-image-preview":"max-image-preview:large","max-video-preview":"max-video-preview:-1"},"canonical":"https:\/\/choeuracorps.ch\/index.php\/choeur-a-corps-eclats-de-vie\/","og_locale":"fr_FR","og_type":"article","og_title":"Ch\u0153ur \u00e0 corps - Nouveau spectacle \"\u00c9clats de vie\"","og_description":"Ch\u0153ur \u00e0 corps f\u00eate ses 30 ans d'existence et pr\u00e9sentera sa nouvelle cr\u00e9ation \"\u00c9clats de vie\" le dimanche 2 juin 2024 au Th\u00e9\u00e2tre Le Reflet de Vevey. Fid\u00e8le \u00e0 sa tradition, entrem\u00ealant chant et danse, ce ch\u0153ur de femmes vous emm\u00e8ne cette ann\u00e9e \u00e0 la rencontre d\u2019histoires de vie, instants flash, qui nous plongent au c\u0153ur d\u2019\u00e9v\u00e8nements d\u00e9terminant le cours de notre existence. Les chansons contemporaines, arrang\u00e9es avec cr\u00e9ativit\u00e9 par Claire Benhamou et chor\u00e9graphi\u00e9es soigneusement par Carol Appr\u00e9deris, illustrent avec d\u00e9licatesse: amour et doute, camaraderie et isolement, r\u00e9volte et acceptation. Ces femmes pleines de vie, anonymes mais universelles, ouvrent leur c\u0153ur comme un exutoire. Un spectacle riche en \u00e9motions et en sensibilit\u00e9 artistique \u00e0 ne pas manquer !","og_url":"https:\/\/choeuracorps.ch\/index.php\/choeur-a-corps-eclats-de-vie\/","og_site_name":"Choeur \u00e0 corps","article_publisher":"https:\/\/www.facebook.com\/choeuracorps\/","article_modified_time":"2025-08-26T06:51:10+00:00","og_image":[{"width":1748,"height":2480,"url":"https:\/\/choeuracorps.ch\/wp-content\/uploads\/2024\/03\/Flyer-CAC-A5-recto.jpg","type":"image\/jpeg"}],"twitter_card":"summary_large_image","twitter_misc":{"Dur\u00e9e de lecture estim\u00e9e":"2 minutes"},"schema":{"@context":"https:\/\/schema.org","@graph":[{"@type":"WebPage","@id":"https:\/\/choeuracorps.ch\/index.php\/choeur-a-corps-eclats-de-vie\/","url":"https:\/\/choeuracorps.ch\/index.php\/choeur-a-corps-eclats-de-vie\/","name":"Ch\u0153ur \u00e0 corps - Nouveau spectacle \"\u00c9clats de vie\"","isPartOf":{"@id":"https:\/\/choeuracorps.ch\/#website"},"primaryImageOfPage":{"@id":"https:\/\/choeuracorps.ch\/index.php\/choeur-a-corps-eclats-de-vie\/#primaryimage"},"image":{"@id":"https:\/\/choeuracorps.ch\/index.php\/choeur-a-corps-eclats-de-vie\/#primaryimage"},"thumbnailUrl":"https:\/\/choeuracorps.ch\/wp-content\/uploads\/2024\/03\/Flyer-CAC-A5-recto.jpg","datePublished":"2023-12-10T16:15:21+00:00","dateModified":"2025-08-26T06:51:10+00:00","description":"Ch\u0153ur \u00e0 corps f\u00eate ses 30 ans d'existence et pr\u00e9sentera sa nouvelle cr\u00e9ation \"\u00c9clats de vie\" le dimanche 2 juin 2024 au Th\u00e9\u00e2tre Le Reflet de Vevey. Fid\u00e8le \u00e0 sa tradition, entrem\u00ealant chant et danse, ce ch\u0153ur de femmes vous emm\u00e8ne cette ann\u00e9e \u00e0 la rencontre d\u2019histoires de vie, instants flash, qui nous plongent au c\u0153ur d\u2019\u00e9v\u00e8nements d\u00e9terminant le cours de notre existence. Les chansons contemporaines, arrang\u00e9es avec cr\u00e9ativit\u00e9 par Claire Benhamou et chor\u00e9graphi\u00e9es soigneusement par Carol Appr\u00e9deris, illustrent avec d\u00e9licatesse: amour et doute, camaraderie et isolement, r\u00e9volte et acceptation. Ces femmes pleines de vie, anonymes mais universelles, ouvrent leur c\u0153ur comme un exutoire. Un spectacle riche en \u00e9motions et en sensibilit\u00e9 artistique \u00e0 ne pas manquer !","breadcrumb":{"@id":"https:\/\/choeuracorps.ch\/index.php\/choeur-a-corps-eclats-de-vie\/#breadcrumb"},"inLanguage":"fr-FR","potentialAction":[{"@type":"ReadAction","target":["https:\/\/choeuracorps.ch\/index.php\/choeur-a-corps-eclats-de-vie\/"]}]},{"@type":"ImageObject","inLanguage":"fr-FR","@id":"https:\/\/choeuracorps.ch\/index.php\/choeur-a-corps-eclats-de-vie\/#primaryimage","url":"https:\/\/choeuracorps.ch\/wp-content\/uploads\/2024\/03\/Flyer-CAC-A5-recto.jpg","contentUrl":"https:\/\/choeuracorps.ch\/wp-content\/uploads\/2024\/03\/Flyer-CAC-A5-recto.jpg","width":1748,"height":2480},{"@type":"BreadcrumbList","@id":"https:\/\/choeuracorps.ch\/index.php\/choeur-a-corps-eclats-de-vie\/#breadcrumb","itemListElement":[{"@type":"ListItem","position":1,"name":"Accueil","item":"https:\/\/choeuracorps.ch\/"},{"@type":"ListItem","position":2,"name":"\u00c9clats de vie"}]},{"@type":"WebSite","@id":"https:\/\/choeuracorps.ch\/#website","url":"https:\/\/choeuracorps.ch\/","name":"Ch\u0153ur \u00e0 corps","description":"","potentialAction":[{"@type":"SearchAction","target":{"@type":"EntryPoint","urlTemplate":"https:\/\/choeuracorps.ch\/?s={search_term_string}"},"query-input":"required name=search_term_string"}],"inLanguage":"fr-FR"}]}},"_links":{"self":[{"href":"https:\/\/choeuracorps.ch\/index.php\/wp-json\/wp\/v2\/pages\/926"}],"collection":[{"href":"https:\/\/choeuracorps.ch\/index.php\/wp-json\/wp\/v2\/pages"}],"about":[{"href":"https:\/\/choeuracorps.ch\/index.php\/wp-json\/wp\/v2\/types\/page"}],"author":[{"embeddable":true,"href":"https:\/\/choeuracorps.ch\/index.php\/wp-json\/wp\/v2\/users\/1"}],"replies":[{"embeddable":true,"href":"https:\/\/choeuracorps.ch\/index.php\/wp-json\/wp\/v2\/comments?post=926"}],"version-history":[{"count":36,"href":"https:\/\/choeuracorps.ch\/index.php\/wp-json\/wp\/v2\/pages\/926\/revisions"}],"predecessor-version":[{"id":1182,"href":"https:\/\/choeuracorps.ch\/index.php\/wp-json\/wp\/v2\/pages\/926\/revisions\/1182"}],"wp:featuredmedia":[{"embeddable":true,"href":"https:\/\/choeuracorps.ch\/index.php\/wp-json\/wp\/v2\/media\/1014"}],"wp:attachment":[{"href":"https:\/\/choeuracorps.ch\/index.php\/wp-json\/wp\/v2\/media?parent=926"}],"curies":[{"name":"wp","href":"https:\/\/api.w.org\/{rel}","templated":true}]}}