{"id":85,"date":"2018-11-01T15:50:14","date_gmt":"2018-11-01T14:50:14","guid":{"rendered":"http:\/\/localhost\/wordpress\/?page_id=85"},"modified":"2026-03-23T10:34:43","modified_gmt":"2026-03-23T09:34:43","slug":"agenda-contact","status":"publish","type":"page","link":"https:\/\/choeuracorps.ch\/index.php\/agenda-contact\/","title":{"rendered":"Agenda &#038; Contact"},"content":{"rendered":"\n<h2 class=\"wp-block-heading has-vivid-red-color has-text-color\" style=\"font-size:28px\">Agenda &amp; Contact<\/h2>\n\n\n\n<p><span style=\"color: #000000;\"><strong><span style=\"text-decoration: underline;\"><span style=\"color: #000000; text-decoration: underline;\"><br>Nos prochaines dates<\/span><\/span><\/strong><\/span><\/p>\n\n\n\n<p><span style=\"color: #ff0000;\"><strong>\u2022 Vendredi 30 octobre, samedi 31 octobre et dimanche 1er novembre 2026<\/strong><\/span><br><strong>\u00ab\u00a0Cabaret de l&rsquo;\u00e9trange\u00a0\u00bb<\/strong><br>Th\u00e9\u00e2tre Oxymore, Cully<\/p>\n\n\n\n<p><br><strong><span style=\"text-decoration: underline;\"><span style=\"color: #333333; text-decoration: underline;\">Questions, renseignements et contact<\/span><\/span><\/strong><br>Christopher Belizaire, +41 79 701 32 43, <a href=\"mailto:info@choeuracorps.ch\"><span style=\"color: #ff0000;\">info@choeuracorps.ch<\/span><\/a><br><span style=\"color: #333333;\">ou remplissez le formulaire de contact ci-dessous.<\/span><\/p>\n\n\n\n<p><strong>Formulaire de contact<\/strong><br><div role=\"form\" class=\"wpcf7\" id=\"wpcf7-f109-o1\" lang=\"fr-FR\" dir=\"ltr\">\n<div class=\"screen-reader-response\"><p role=\"status\" aria-live=\"polite\" aria-atomic=\"true\"><\/p> <ul><\/ul><\/div>\n<form action=\"\/index.php\/wp-json\/wp\/v2\/pages\/85#wpcf7-f109-o1\" method=\"post\" class=\"wpcf7-form init\" novalidate=\"novalidate\" data-status=\"init\">\n<div style=\"display: none;\">\n<input type=\"hidden\" name=\"_wpcf7\" value=\"109\" \/>\n<input type=\"hidden\" name=\"_wpcf7_version\" value=\"5.5.4\" \/>\n<input type=\"hidden\" name=\"_wpcf7_locale\" value=\"fr_FR\" \/>\n<input type=\"hidden\" name=\"_wpcf7_unit_tag\" value=\"wpcf7-f109-o1\" \/>\n<input type=\"hidden\" name=\"_wpcf7_container_post\" value=\"0\" \/>\n<input type=\"hidden\" name=\"_wpcf7_posted_data_hash\" value=\"\" \/>\n<\/div>\n<p><label> Votre nom (obligatoire)<br \/>\n    <span class=\"wpcf7-form-control-wrap your-name\"><input type=\"text\" name=\"your-name\" value=\"\" size=\"40\" class=\"wpcf7-form-control wpcf7-text wpcf7-validates-as-required\" aria-required=\"true\" aria-invalid=\"false\" \/><\/span> <\/label><\/p>\n<p><label> Votre adresse de messagerie (obligatoire)<br \/>\n    <span class=\"wpcf7-form-control-wrap your-email\"><input type=\"email\" name=\"your-email\" value=\"\" size=\"40\" class=\"wpcf7-form-control wpcf7-text wpcf7-email wpcf7-validates-as-required wpcf7-validates-as-email\" aria-required=\"true\" aria-invalid=\"false\" \/><\/span> <\/label><\/p>\n<p><label> Objet<br \/>\n    <span class=\"wpcf7-form-control-wrap your-subject\"><input type=\"text\" name=\"your-subject\" value=\"\" size=\"40\" class=\"wpcf7-form-control wpcf7-text\" aria-invalid=\"false\" \/><\/span> <\/label><\/p>\n<p><label> Votre message<br \/>\n    <span class=\"wpcf7-form-control-wrap your-message\"><textarea name=\"your-message\" cols=\"40\" rows=\"10\" class=\"wpcf7-form-control wpcf7-textarea\" aria-invalid=\"false\"><\/textarea><\/span> <\/label><\/p>\n<p><input type=\"submit\" value=\"Envoyer\" class=\"wpcf7-form-control has-spinner wpcf7-submit\" \/><\/p>\n<div class=\"wpcf7-response-output\" aria-hidden=\"true\"><\/div><\/form><\/div><\/p>\n","protected":false},"excerpt":{"rendered":"<p>Agenda &amp; Contact Nos prochaines dates \u2022 Vendredi 30 octobre, samedi 31 octobre et dimanche 1er novembre 2026\u00ab\u00a0Cabaret de l&rsquo;\u00e9trange\u00a0\u00bbTh\u00e9\u00e2tre Oxymore, Cully Questions, renseignements et contactChristopher Belizaire, +41 79 701 32 43, info@choeuracorps.chou remplissez le formulaire de contact ci-dessous. Formulaire<\/p>\n","protected":false},"author":1,"featured_media":0,"parent":0,"menu_order":0,"comment_status":"closed","ping_status":"closed","template":"","meta":{"footnotes":""},"yoast_head":"<!-- This site is optimized with the Yoast SEO plugin v22.5 - https:\/\/yoast.com\/wordpress\/plugins\/seo\/ -->\n<title>Choeur \u00e0 corps - Agenda &amp; Contact<\/title>\n<meta name=\"description\" content=\"D\u00e9couvrez ici nos dates \u00e0 venir et nos prochains rendez-vous sur sc\u00e8ne. Les repr\u00e9sentations de notre futur spectacle auront lieu en automne 2026.\" \/>\n<meta name=\"robots\" content=\"index, follow, max-snippet:-1, max-image-preview:large, max-video-preview:-1\" \/>\n<link rel=\"canonical\" href=\"https:\/\/choeuracorps.ch\/index.php\/agenda-contact\/\" \/>\n<meta property=\"og:locale\" content=\"fr_FR\" \/>\n<meta property=\"og:type\" content=\"article\" \/>\n<meta property=\"og:title\" content=\"Choeur \u00e0 corps - Agenda &amp; Contact\" \/>\n<meta property=\"og:description\" content=\"D\u00e9couvrez ici nos dates \u00e0 venir et nos prochains rendez-vous sur sc\u00e8ne. Les repr\u00e9sentations de notre futur spectacle auront lieu en automne 2026.\" \/>\n<meta property=\"og:url\" content=\"https:\/\/choeuracorps.ch\/index.php\/agenda-contact\/\" \/>\n<meta property=\"og:site_name\" content=\"Choeur \u00e0 corps\" \/>\n<meta property=\"article:publisher\" content=\"https:\/\/www.facebook.com\/choeuracorps\/\" \/>\n<meta property=\"article:modified_time\" content=\"2026-03-23T09:34:43+00:00\" \/>\n<meta name=\"twitter:card\" content=\"summary_large_image\" \/>\n<meta name=\"twitter:label1\" content=\"Dur\u00e9e de lecture estim\u00e9e\" \/>\n\t<meta name=\"twitter:data1\" content=\"1 minute\" \/>\n<script type=\"application\/ld+json\" class=\"yoast-schema-graph\">{\"@context\":\"https:\/\/schema.org\",\"@graph\":[{\"@type\":\"WebPage\",\"@id\":\"https:\/\/choeuracorps.ch\/index.php\/agenda-contact\/\",\"url\":\"https:\/\/choeuracorps.ch\/index.php\/agenda-contact\/\",\"name\":\"Choeur \u00e0 corps - Agenda & Contact\",\"isPartOf\":{\"@id\":\"https:\/\/choeuracorps.ch\/#website\"},\"datePublished\":\"2018-11-01T14:50:14+00:00\",\"dateModified\":\"2026-03-23T09:34:43+00:00\",\"description\":\"D\u00e9couvrez ici nos dates \u00e0 venir et nos prochains rendez-vous sur sc\u00e8ne. Les repr\u00e9sentations de notre futur spectacle auront lieu en automne 2026.\",\"breadcrumb\":{\"@id\":\"https:\/\/choeuracorps.ch\/index.php\/agenda-contact\/#breadcrumb\"},\"inLanguage\":\"fr-FR\",\"potentialAction\":[{\"@type\":\"ReadAction\",\"target\":[\"https:\/\/choeuracorps.ch\/index.php\/agenda-contact\/\"]}]},{\"@type\":\"BreadcrumbList\",\"@id\":\"https:\/\/choeuracorps.ch\/index.php\/agenda-contact\/#breadcrumb\",\"itemListElement\":[{\"@type\":\"ListItem\",\"position\":1,\"name\":\"Accueil\",\"item\":\"https:\/\/choeuracorps.ch\/\"},{\"@type\":\"ListItem\",\"position\":2,\"name\":\"Agenda &#038; Contact\"}]},{\"@type\":\"WebSite\",\"@id\":\"https:\/\/choeuracorps.ch\/#website\",\"url\":\"https:\/\/choeuracorps.ch\/\",\"name\":\"Ch\u0153ur \u00e0 corps\",\"description\":\"\",\"potentialAction\":[{\"@type\":\"SearchAction\",\"target\":{\"@type\":\"EntryPoint\",\"urlTemplate\":\"https:\/\/choeuracorps.ch\/?s={search_term_string}\"},\"query-input\":\"required name=search_term_string\"}],\"inLanguage\":\"fr-FR\"}]}<\/script>\n<!-- \/ Yoast SEO plugin. -->","yoast_head_json":{"title":"Choeur \u00e0 corps - Agenda & Contact","description":"D\u00e9couvrez ici nos dates \u00e0 venir et nos prochains rendez-vous sur sc\u00e8ne. Les repr\u00e9sentations de notre futur spectacle auront lieu en automne 2026.","robots":{"index":"index","follow":"follow","max-snippet":"max-snippet:-1","max-image-preview":"max-image-preview:large","max-video-preview":"max-video-preview:-1"},"canonical":"https:\/\/choeuracorps.ch\/index.php\/agenda-contact\/","og_locale":"fr_FR","og_type":"article","og_title":"Choeur \u00e0 corps - Agenda & Contact","og_description":"D\u00e9couvrez ici nos dates \u00e0 venir et nos prochains rendez-vous sur sc\u00e8ne. Les repr\u00e9sentations de notre futur spectacle auront lieu en automne 2026.","og_url":"https:\/\/choeuracorps.ch\/index.php\/agenda-contact\/","og_site_name":"Choeur \u00e0 corps","article_publisher":"https:\/\/www.facebook.com\/choeuracorps\/","article_modified_time":"2026-03-23T09:34:43+00:00","twitter_card":"summary_large_image","twitter_misc":{"Dur\u00e9e de lecture estim\u00e9e":"1 minute"},"schema":{"@context":"https:\/\/schema.org","@graph":[{"@type":"WebPage","@id":"https:\/\/choeuracorps.ch\/index.php\/agenda-contact\/","url":"https:\/\/choeuracorps.ch\/index.php\/agenda-contact\/","name":"Choeur \u00e0 corps - Agenda & Contact","isPartOf":{"@id":"https:\/\/choeuracorps.ch\/#website"},"datePublished":"2018-11-01T14:50:14+00:00","dateModified":"2026-03-23T09:34:43+00:00","description":"D\u00e9couvrez ici nos dates \u00e0 venir et nos prochains rendez-vous sur sc\u00e8ne. Les repr\u00e9sentations de notre futur spectacle auront lieu en automne 2026.","breadcrumb":{"@id":"https:\/\/choeuracorps.ch\/index.php\/agenda-contact\/#breadcrumb"},"inLanguage":"fr-FR","potentialAction":[{"@type":"ReadAction","target":["https:\/\/choeuracorps.ch\/index.php\/agenda-contact\/"]}]},{"@type":"BreadcrumbList","@id":"https:\/\/choeuracorps.ch\/index.php\/agenda-contact\/#breadcrumb","itemListElement":[{"@type":"ListItem","position":1,"name":"Accueil","item":"https:\/\/choeuracorps.ch\/"},{"@type":"ListItem","position":2,"name":"Agenda &#038; Contact"}]},{"@type":"WebSite","@id":"https:\/\/choeuracorps.ch\/#website","url":"https:\/\/choeuracorps.ch\/","name":"Ch\u0153ur \u00e0 corps","description":"","potentialAction":[{"@type":"SearchAction","target":{"@type":"EntryPoint","urlTemplate":"https:\/\/choeuracorps.ch\/?s={search_term_string}"},"query-input":"required name=search_term_string"}],"inLanguage":"fr-FR"}]}},"_links":{"self":[{"href":"https:\/\/choeuracorps.ch\/index.php\/wp-json\/wp\/v2\/pages\/85"}],"collection":[{"href":"https:\/\/choeuracorps.ch\/index.php\/wp-json\/wp\/v2\/pages"}],"about":[{"href":"https:\/\/choeuracorps.ch\/index.php\/wp-json\/wp\/v2\/types\/page"}],"author":[{"embeddable":true,"href":"https:\/\/choeuracorps.ch\/index.php\/wp-json\/wp\/v2\/users\/1"}],"replies":[{"embeddable":true,"href":"https:\/\/choeuracorps.ch\/index.php\/wp-json\/wp\/v2\/comments?post=85"}],"version-history":[{"count":55,"href":"https:\/\/choeuracorps.ch\/index.php\/wp-json\/wp\/v2\/pages\/85\/revisions"}],"predecessor-version":[{"id":1295,"href":"https:\/\/choeuracorps.ch\/index.php\/wp-json\/wp\/v2\/pages\/85\/revisions\/1295"}],"wp:attachment":[{"href":"https:\/\/choeuracorps.ch\/index.php\/wp-json\/wp\/v2\/media?parent=85"}],"curies":[{"name":"wp","href":"https:\/\/api.w.org\/{rel}","templated":true}]}}