{"id":83,"date":"2018-11-01T15:50:12","date_gmt":"2018-11-01T14:50:12","guid":{"rendered":"http:\/\/localhost\/wordpress\/?page_id=83"},"modified":"2026-03-23T10:38:52","modified_gmt":"2026-03-23T09:38:52","slug":"presentation","status":"publish","type":"page","link":"https:\/\/choeuracorps.ch\/index.php\/presentation\/","title":{"rendered":"Pr\u00e9sentation"},"content":{"rendered":"\n\t<div class=\"slideshow_container slideshow_container_style-light\" style=\"height: 400px; \" data-slideshow-id=\"478\" data-style-name=\"style-light\" data-style-version=\"2.3.1\" >\n\n\t\t\t\t\t<div class=\"slideshow_loading_icon\"><\/div>\n\t\t\n\t\t<div class=\"slideshow_content\" style=\"display: none;\">\n\n\t\t\t<div class=\"slideshow_view\">\n\t\t\t\t<div class=\"slideshow_slide slideshow_slide_image\">\n\t\t\t\t\t\t\t\t\t\t\t<img src=\"https:\/\/choeuracorps.ch\/wp-content\/uploads\/2025\/08\/20240601-163955-_DSC4422-scaled.jpg\" alt=\"Eclats de Vie\" width=\"2560\" height=\"1706\" \/>\n\t\t\t\t\t\t\t\t\t\t<div class=\"slideshow_description_box slideshow_transparent\">\n\t\t\t\t\t\t<div class=\"slideshow_title\">Eclats de Vie<\/div>\t\t\t\t\t\t\t\t\t\t\t<\/div>\n\t\t\t\t<\/div>\n\n\t\t\t\t\t\t<div style=\"clear: both;\"><\/div><\/div><div class=\"slideshow_view\">\n\t\t\t\t<div class=\"slideshow_slide slideshow_slide_image\">\n\t\t\t\t\t\t\t\t\t\t\t<img src=\"https:\/\/choeuracorps.ch\/wp-content\/uploads\/2023\/01\/DSC_1303-3-scaled.jpg\" alt=\"DSC_1303-3\" width=\"1709\" height=\"2560\" \/>\n\t\t\t\t\t\t\t\t\t\t<div class=\"slideshow_description_box slideshow_transparent\">\n\t\t\t\t\t\t\t\t\t\t\t\t\t\t\t\t\t<\/div>\n\t\t\t\t<\/div>\n\n\t\t\t\t\t\t<div style=\"clear: both;\"><\/div><\/div><div class=\"slideshow_view\">\n\t\t\t\t<div class=\"slideshow_slide slideshow_slide_image\">\n\t\t\t\t\t\t\t\t\t\t\t<img src=\"https:\/\/choeuracorps.ch\/wp-content\/uploads\/2018\/12\/1.-190126-205936.jpg\" alt=\"Nos histoires d&#039;A\" width=\"1350\" height=\"900\" \/>\n\t\t\t\t\t\t\t\t\t\t<div class=\"slideshow_description_box slideshow_transparent\">\n\t\t\t\t\t\t<div class=\"slideshow_title\">Nos histoires d&#039;A<\/div>\t\t\t\t\t\t\t\t\t\t\t<\/div>\n\t\t\t\t<\/div>\n\n\t\t\t\t\t\t<div style=\"clear: both;\"><\/div><\/div><div class=\"slideshow_view\">\n\t\t\t\t<div class=\"slideshow_slide slideshow_slide_image\">\n\t\t\t\t\t\t\t\t\t\t\t<img src=\"https:\/\/choeuracorps.ch\/wp-content\/uploads\/2025\/08\/20240601-163506-_DSC4379-scaled.jpg\" alt=\"Eclats de Vie\" width=\"2560\" height=\"1706\" \/>\n\t\t\t\t\t\t\t\t\t\t<div class=\"slideshow_description_box slideshow_transparent\">\n\t\t\t\t\t\t<div class=\"slideshow_title\">Eclats de Vie<\/div>\t\t\t\t\t\t\t\t\t\t\t<\/div>\n\t\t\t\t<\/div>\n\n\t\t\t\t\t\t<div style=\"clear: both;\"><\/div><\/div><div class=\"slideshow_view\">\n\t\t\t\t<div class=\"slideshow_slide slideshow_slide_image\">\n\t\t\t\t\t\t\t\t\t\t\t<img src=\"https:\/\/choeuracorps.ch\/wp-content\/uploads\/2022\/10\/DSC_9630-scaled.jpg\" alt=\"DSC_9630\" width=\"2560\" height=\"1709\" \/>\n\t\t\t\t\t\t\t\t\t\t<div class=\"slideshow_description_box slideshow_transparent\">\n\t\t\t\t\t\t\t\t\t\t\t\t\t\t\t\t\t<\/div>\n\t\t\t\t<\/div>\n\n\t\t\t\t\t\t<div style=\"clear: both;\"><\/div><\/div><div class=\"slideshow_view\">\n\t\t\t\t<div class=\"slideshow_slide slideshow_slide_image\">\n\t\t\t\t\t\t\t\t\t\t\t<img src=\"https:\/\/choeuracorps.ch\/wp-content\/uploads\/2019\/05\/2.-190126-204357.jpg\" alt=\"Nos histoires d&#039;A\" width=\"1350\" height=\"898\" \/>\n\t\t\t\t\t\t\t\t\t\t<div class=\"slideshow_description_box slideshow_transparent\">\n\t\t\t\t\t\t<div class=\"slideshow_title\">Nos histoires d&#039;A<\/div>\t\t\t\t\t\t\t\t\t\t\t<\/div>\n\t\t\t\t<\/div>\n\n\t\t\t\t\t\t<div style=\"clear: both;\"><\/div><\/div><div class=\"slideshow_view\">\n\t\t\t\t<div class=\"slideshow_slide slideshow_slide_image\">\n\t\t\t\t\t\t\t\t\t\t\t<img src=\"https:\/\/choeuracorps.ch\/wp-content\/uploads\/2025\/08\/20240601-144323-_DSC4117-scaled.jpg\" alt=\"Eclats de Vie\" width=\"2560\" height=\"1706\" \/>\n\t\t\t\t\t\t\t\t\t\t<div class=\"slideshow_description_box slideshow_transparent\">\n\t\t\t\t\t\t<div class=\"slideshow_title\">Eclats de Vie<\/div>\t\t\t\t\t\t\t\t\t\t\t<\/div>\n\t\t\t\t<\/div>\n\n\t\t\t\t\t\t<div style=\"clear: both;\"><\/div><\/div><div class=\"slideshow_view\">\n\t\t\t\t<div class=\"slideshow_slide slideshow_slide_image\">\n\t\t\t\t\t\t\t\t\t\t\t<img src=\"https:\/\/choeuracorps.ch\/wp-content\/uploads\/2018\/12\/10..jpg\" alt=\"10.\" width=\"1200\" height=\"800\" \/>\n\t\t\t\t\t\t\t\t\t\t<div class=\"slideshow_description_box slideshow_transparent\">\n\t\t\t\t\t\t\t\t\t\t\t\t\t\t\t\t\t<\/div>\n\t\t\t\t<\/div>\n\n\t\t\t\t\t\t<div style=\"clear: both;\"><\/div><\/div><div class=\"slideshow_view\">\n\t\t\t\t<div class=\"slideshow_slide slideshow_slide_image\">\n\t\t\t\t\t\t\t\t\t\t\t<img src=\"https:\/\/choeuracorps.ch\/wp-content\/uploads\/2018\/12\/25..jpg\" alt=\"25.\" width=\"1200\" height=\"800\" \/>\n\t\t\t\t\t\t\t\t\t\t<div class=\"slideshow_description_box slideshow_transparent\">\n\t\t\t\t\t\t\t\t\t\t\t\t\t\t\t\t\t<\/div>\n\t\t\t\t<\/div>\n\n\t\t\t\t\t\t<div style=\"clear: both;\"><\/div><\/div>\n\t\t<\/div>\n\n\t\t<div class=\"slideshow_controlPanel slideshow_transparent\" style=\"display: none;\"><ul><li class=\"slideshow_togglePlay\" data-play-text=\"Play\" data-pause-text=\"Pause\"><\/li><\/ul><\/div>\n\n\t\t<div class=\"slideshow_button slideshow_previous slideshow_transparent\" role=\"button\" data-previous-text=\"Pr\u00e9c\u00e9dent\" style=\"display: none;\"><\/div>\n\t\t<div class=\"slideshow_button slideshow_next slideshow_transparent\" role=\"button\" data-next-text=\"Suivant\" style=\"display: none;\"><\/div>\n\n\t\t<div class=\"slideshow_pagination\" style=\"display: none;\" data-go-to-text=\"Go to slide\"><div class=\"slideshow_pagination_center\"><\/div><\/div>\n\n\t\t<!-- WordPress Slideshow Version 2.3.1 -->\n\n\t\t\t<\/div>\n\n\n\n\n\n<p>Ch\u0153ur \u00e0 corps est un groupe vocal f\u00e9minin veveysan, qui a la particularit\u00e9 d&rsquo;allier chant et danse. Install\u00e9 sur la Riviera depuis plus de trente ans, Ch\u0153ur \u00e0 corps a particip\u00e9 \u00e0 de nombreux \u00e9v\u00e9nements publics et priv\u00e9s de la r\u00e9gion, mais \u00e9galement partout en Suisse et parfois \u00e0 l&rsquo;\u00e9tranger.<\/p>\n\n\n\n<p>Nous avons le grand plaisir de vous annoncer l\u2019arriv\u00e9e d\u2019<a href=\"https:\/\/choeuracorps.ch\/index.php\/direction\/\">Elsa Bianchi<\/a>, qui a pris la direction musicale de Ch\u0153ur \u00e0 corps depuis janvier 2026.<\/p>\n\n\n\n<p>Ch\u0153ur \u00e0 corps propose des projets musicaux vari\u00e9s et appr\u00e9cie collaborer avec d\u2019autres groupes pour multiplier les exp\u00e9riences artistiques. Notre groupe tient avant tout \u00e0 partager sa passion pour le chant et la danse, et \u00e0 faire vivre la vie culturelle de la r\u00e9gion.<\/p>\n\n\n\n<p>Les r\u00e9p\u00e9titions du ch\u0153ur ont lieu tous les jeudis soir de 19h30 \u00e0 21h30 \u00e0 Vevey.<\/p>\n\n\n\n<p>Ch\u0153ur \u00e0 corps est aussi pr\u00e9sent sur les r\u00e9seaux sociaux <a href=\"https:\/\/www.facebook.com\/choeuracorps\" target=\"_blank\" rel=\"noopener\">Facebook<\/a>, <a href=\"https:\/\/www.instagram.com\/choeuracorps\/?hl=fr\" target=\"_blank\" rel=\"noopener\">Instagram<\/a> et <a href=\"https:\/\/www.youtube.com\/channel\/UCFvzSmW8DocK7T5BOBC_YbQ\" target=\"_blank\" rel=\"noopener\">Youtube<\/a>.<\/p>\n\n\n\n<p><\/p>\n","protected":false},"excerpt":{"rendered":"<p>Ch\u0153ur \u00e0 corps est un groupe vocal f\u00e9minin veveysan, qui a la particularit\u00e9 d&rsquo;allier chant et danse. Install\u00e9 sur la Riviera depuis plus de trente ans, Ch\u0153ur \u00e0 corps a particip\u00e9 \u00e0 de nombreux \u00e9v\u00e9nements publics et priv\u00e9s de la<\/p>\n","protected":false},"author":1,"featured_media":0,"parent":0,"menu_order":0,"comment_status":"closed","ping_status":"closed","template":"","meta":{"footnotes":""},"yoast_head":"<!-- This site is optimized with the Yoast SEO plugin v22.5 - https:\/\/yoast.com\/wordpress\/plugins\/seo\/ -->\n<title>Choeur \u00e0 corps - Pr\u00e9sentation<\/title>\n<meta name=\"description\" content=\"Choeur \u00e0 corps est un ensemble vocal f\u00e9minin de Suisse romande qui associe le chant et la danse. La direction artistique est assur\u00e9e par Claire Benhamou et les chor\u00e9graphies sont sign\u00e9es Carol Appr\u00e9deris. Notre nouveau projet en pr\u00e9paration &quot;Il est o\u00f9 le bonheur ?&quot; Dates de spectacle : samedi 21 mai 2022 et dimanche 22 mai 2022, Aula du Gymnase de Burier.\" \/>\n<meta name=\"robots\" content=\"index, follow, max-snippet:-1, max-image-preview:large, max-video-preview:-1\" \/>\n<link rel=\"canonical\" href=\"https:\/\/choeuracorps.ch\/index.php\/presentation\/\" \/>\n<meta property=\"og:locale\" content=\"fr_FR\" \/>\n<meta property=\"og:type\" content=\"article\" \/>\n<meta property=\"og:title\" content=\"Choeur \u00e0 corps - Pr\u00e9sentation\" \/>\n<meta property=\"og:description\" content=\"Choeur \u00e0 corps est un ensemble vocal f\u00e9minin de Suisse romande qui associe le chant et la danse. La direction artistique est assur\u00e9e par Claire Benhamou et les chor\u00e9graphies sont sign\u00e9es Carol Appr\u00e9deris. Notre nouveau projet en pr\u00e9paration &quot;Il est o\u00f9 le bonheur ?&quot; Dates de spectacle : samedi 21 mai 2022 et dimanche 22 mai 2022, Aula du Gymnase de Burier.\" \/>\n<meta property=\"og:url\" content=\"https:\/\/choeuracorps.ch\/index.php\/presentation\/\" \/>\n<meta property=\"og:site_name\" content=\"Choeur \u00e0 corps\" \/>\n<meta property=\"article:publisher\" content=\"https:\/\/www.facebook.com\/choeuracorps\/\" \/>\n<meta property=\"article:modified_time\" content=\"2026-03-23T09:38:52+00:00\" \/>\n<meta name=\"twitter:card\" content=\"summary_large_image\" \/>\n<meta name=\"twitter:label1\" content=\"Dur\u00e9e de lecture estim\u00e9e\" \/>\n\t<meta name=\"twitter:data1\" content=\"1 minute\" \/>\n<script type=\"application\/ld+json\" class=\"yoast-schema-graph\">{\"@context\":\"https:\/\/schema.org\",\"@graph\":[{\"@type\":\"WebPage\",\"@id\":\"https:\/\/choeuracorps.ch\/index.php\/presentation\/\",\"url\":\"https:\/\/choeuracorps.ch\/index.php\/presentation\/\",\"name\":\"Choeur \u00e0 corps - Pr\u00e9sentation\",\"isPartOf\":{\"@id\":\"https:\/\/choeuracorps.ch\/#website\"},\"datePublished\":\"2018-11-01T14:50:12+00:00\",\"dateModified\":\"2026-03-23T09:38:52+00:00\",\"description\":\"Choeur \u00e0 corps est un ensemble vocal f\u00e9minin de Suisse romande qui associe le chant et la danse. La direction artistique est assur\u00e9e par Claire Benhamou et les chor\u00e9graphies sont sign\u00e9es Carol Appr\u00e9deris. Notre nouveau projet en pr\u00e9paration \\\"Il est o\u00f9 le bonheur ?\\\" Dates de spectacle : samedi 21 mai 2022 et dimanche 22 mai 2022, Aula du Gymnase de Burier.\",\"breadcrumb\":{\"@id\":\"https:\/\/choeuracorps.ch\/index.php\/presentation\/#breadcrumb\"},\"inLanguage\":\"fr-FR\",\"potentialAction\":[{\"@type\":\"ReadAction\",\"target\":[\"https:\/\/choeuracorps.ch\/index.php\/presentation\/\"]}]},{\"@type\":\"BreadcrumbList\",\"@id\":\"https:\/\/choeuracorps.ch\/index.php\/presentation\/#breadcrumb\",\"itemListElement\":[{\"@type\":\"ListItem\",\"position\":1,\"name\":\"Accueil\",\"item\":\"https:\/\/choeuracorps.ch\/\"},{\"@type\":\"ListItem\",\"position\":2,\"name\":\"Pr\u00e9sentation\"}]},{\"@type\":\"WebSite\",\"@id\":\"https:\/\/choeuracorps.ch\/#website\",\"url\":\"https:\/\/choeuracorps.ch\/\",\"name\":\"Ch\u0153ur \u00e0 corps\",\"description\":\"\",\"potentialAction\":[{\"@type\":\"SearchAction\",\"target\":{\"@type\":\"EntryPoint\",\"urlTemplate\":\"https:\/\/choeuracorps.ch\/?s={search_term_string}\"},\"query-input\":\"required name=search_term_string\"}],\"inLanguage\":\"fr-FR\"}]}<\/script>\n<!-- \/ Yoast SEO plugin. -->","yoast_head_json":{"title":"Choeur \u00e0 corps - Pr\u00e9sentation","description":"Choeur \u00e0 corps est un ensemble vocal f\u00e9minin de Suisse romande qui associe le chant et la danse. La direction artistique est assur\u00e9e par Claire Benhamou et les chor\u00e9graphies sont sign\u00e9es Carol Appr\u00e9deris. Notre nouveau projet en pr\u00e9paration \"Il est o\u00f9 le bonheur ?\" Dates de spectacle : samedi 21 mai 2022 et dimanche 22 mai 2022, Aula du Gymnase de Burier.","robots":{"index":"index","follow":"follow","max-snippet":"max-snippet:-1","max-image-preview":"max-image-preview:large","max-video-preview":"max-video-preview:-1"},"canonical":"https:\/\/choeuracorps.ch\/index.php\/presentation\/","og_locale":"fr_FR","og_type":"article","og_title":"Choeur \u00e0 corps - Pr\u00e9sentation","og_description":"Choeur \u00e0 corps est un ensemble vocal f\u00e9minin de Suisse romande qui associe le chant et la danse. La direction artistique est assur\u00e9e par Claire Benhamou et les chor\u00e9graphies sont sign\u00e9es Carol Appr\u00e9deris. Notre nouveau projet en pr\u00e9paration \"Il est o\u00f9 le bonheur ?\" Dates de spectacle : samedi 21 mai 2022 et dimanche 22 mai 2022, Aula du Gymnase de Burier.","og_url":"https:\/\/choeuracorps.ch\/index.php\/presentation\/","og_site_name":"Choeur \u00e0 corps","article_publisher":"https:\/\/www.facebook.com\/choeuracorps\/","article_modified_time":"2026-03-23T09:38:52+00:00","twitter_card":"summary_large_image","twitter_misc":{"Dur\u00e9e de lecture estim\u00e9e":"1 minute"},"schema":{"@context":"https:\/\/schema.org","@graph":[{"@type":"WebPage","@id":"https:\/\/choeuracorps.ch\/index.php\/presentation\/","url":"https:\/\/choeuracorps.ch\/index.php\/presentation\/","name":"Choeur \u00e0 corps - Pr\u00e9sentation","isPartOf":{"@id":"https:\/\/choeuracorps.ch\/#website"},"datePublished":"2018-11-01T14:50:12+00:00","dateModified":"2026-03-23T09:38:52+00:00","description":"Choeur \u00e0 corps est un ensemble vocal f\u00e9minin de Suisse romande qui associe le chant et la danse. La direction artistique est assur\u00e9e par Claire Benhamou et les chor\u00e9graphies sont sign\u00e9es Carol Appr\u00e9deris. Notre nouveau projet en pr\u00e9paration \"Il est o\u00f9 le bonheur ?\" Dates de spectacle : samedi 21 mai 2022 et dimanche 22 mai 2022, Aula du Gymnase de Burier.","breadcrumb":{"@id":"https:\/\/choeuracorps.ch\/index.php\/presentation\/#breadcrumb"},"inLanguage":"fr-FR","potentialAction":[{"@type":"ReadAction","target":["https:\/\/choeuracorps.ch\/index.php\/presentation\/"]}]},{"@type":"BreadcrumbList","@id":"https:\/\/choeuracorps.ch\/index.php\/presentation\/#breadcrumb","itemListElement":[{"@type":"ListItem","position":1,"name":"Accueil","item":"https:\/\/choeuracorps.ch\/"},{"@type":"ListItem","position":2,"name":"Pr\u00e9sentation"}]},{"@type":"WebSite","@id":"https:\/\/choeuracorps.ch\/#website","url":"https:\/\/choeuracorps.ch\/","name":"Ch\u0153ur \u00e0 corps","description":"","potentialAction":[{"@type":"SearchAction","target":{"@type":"EntryPoint","urlTemplate":"https:\/\/choeuracorps.ch\/?s={search_term_string}"},"query-input":"required name=search_term_string"}],"inLanguage":"fr-FR"}]}},"_links":{"self":[{"href":"https:\/\/choeuracorps.ch\/index.php\/wp-json\/wp\/v2\/pages\/83"}],"collection":[{"href":"https:\/\/choeuracorps.ch\/index.php\/wp-json\/wp\/v2\/pages"}],"about":[{"href":"https:\/\/choeuracorps.ch\/index.php\/wp-json\/wp\/v2\/types\/page"}],"author":[{"embeddable":true,"href":"https:\/\/choeuracorps.ch\/index.php\/wp-json\/wp\/v2\/users\/1"}],"replies":[{"embeddable":true,"href":"https:\/\/choeuracorps.ch\/index.php\/wp-json\/wp\/v2\/comments?post=83"}],"version-history":[{"count":37,"href":"https:\/\/choeuracorps.ch\/index.php\/wp-json\/wp\/v2\/pages\/83\/revisions"}],"predecessor-version":[{"id":1299,"href":"https:\/\/choeuracorps.ch\/index.php\/wp-json\/wp\/v2\/pages\/83\/revisions\/1299"}],"wp:attachment":[{"href":"https:\/\/choeuracorps.ch\/index.php\/wp-json\/wp\/v2\/media?parent=83"}],"curies":[{"name":"wp","href":"https:\/\/api.w.org\/{rel}","templated":true}]}}