{"id":447,"date":"2020-04-19T10:11:42","date_gmt":"2020-04-19T08:11:42","guid":{"rendered":"http:\/\/choeuracorps.ch\/?page_id=447"},"modified":"2024-04-14T19:25:58","modified_gmt":"2024-04-14T17:25:58","slug":"choregraphies","status":"publish","type":"page","link":"https:\/\/choeuracorps.ch\/index.php\/choregraphies\/","title":{"rendered":"Chor\u00e9graphies"},"content":{"rendered":"\n<h2 class=\"has-vivid-red-color has-text-color wp-block-heading\" style=\"font-size:26px\">Chor\u00e9graphies<\/h2>\n\n\n<div>\n<p><span style=\"color: #000000;\">N\u00e9e \u00e0 Vevey en 1980, <span style=\"color: #ff0000;\">Carol Appr\u00e9deris<\/span> se passionne depuis son enfance pour les arts de la sc\u00e8ne tels que le chant, la danse et le th\u00e9\u00e2tre.<\/span><\/p>\n<p><span style=\"color: #000000;\">Elle d\u00e9bute le chant aux c\u00f4t\u00e9s de Patrick Bron au ch\u0153ur d\u2019enfants de Vevey, puis rejoint <span style=\"color: #ff0000;\">Ch\u0153ur \u00e0 corps<\/span> \u00e0 l\u2019\u00e2ge de 16 ans.<\/span><\/p>\n<p><span style=\"color: #000000;\">Elle pratique la danse avec Christine Koenig, Dani\u00e8le Jossi et Myriam Jaccard de 1986 \u00e0 2000, puis reprend le r\u00f4le chor\u00e9graphe \u00e0 <span style=\"color: #ff0000;\">Ch\u0153ur \u00e0 Corps<\/span>\u00a0en 2003, o\u00f9 elle chante toujours.<\/span><\/p>\n<p><span style=\"color: #000000;\">Entre 1996 et 2002, Carol Appr\u00e9deris cr\u00e9e le groupe Jonglomanie avec Caroline Ranc, qui tourne parmi les Festivals de la r\u00e9gion.<\/span><\/p>\n<p><span style=\"color: #000000;\">En 1999, elle int\u00e8gre l\u2019Atelier-Th\u00e9\u00e2tre des Trois-Quarts avec Dominique W\u00fcrsten et y joue jusqu\u2019en 2006. Elle joue \u00e9galement quelques pi\u00e8ces avec la compagnie des Exil\u00e9s et la troupe F\u00e9lins pour l\u2019autre.<\/span><\/p>\n<p><span style=\"color: #000000;\">Au d\u00e9but des ann\u00e9es 2000, elle participe \u00e0 plusieurs com\u00e9dies musicales dont \u00abDerri\u00e8re le masque\u00bb en tant que chor\u00e9graphe.<\/span><\/p>\n<p><span style=\"color: #000000;\">Enseignante au primaire et maman de trois enfants, elle cr\u00e9e r\u00e9guli\u00e8rement, depuis l\u2019an 2000, des spectacles de chant-danse-th\u00e9\u00e2tre pour ses \u00e9l\u00e8ves, en y int\u00e9grant \u00e9galement des ch\u0153urs \u00e9ph\u00e9m\u00e8res de parents d\u2019\u00e9l\u00e8ves.<\/span><\/p>\n<p><span style=\"color: #000000;\">En 2011, elle rejoint les 100 voix de Caf\u00e9-Caf\u00e9 avec Pierre Huwiler, repris par Elodie Wulliens en 2021.<br \/><\/span><\/p>\n<p>En 2021, elle rel\u00e8ve le d\u00e9fi de co-diriger, avec Isabelle Rodondi, le nouveau choeur <span style=\"color: #ff0000;\">Si on Chantait<\/span> (Lutry), qui a pour but de \u00ab\u00a0chanter pour le plaisir\u00a0\u00bb.<\/p>\n<p><span style=\"color: #000000;\">Carol Appr\u00e9deris chante et danse \u00e0 <span style=\"color: #ff0000;\">Ch\u0153ur \u00e0 Corps<\/span>\u00a0depuis 1996, et y trouve toujours autant de plaisir et de d\u00e9fis. Autodidacte dans le domaine de la chor\u00e9graphie, elle allie bienveillance et exigence aupr\u00e8s de ses danseuses.<\/span><\/p>\n<\/div>","protected":false},"excerpt":{"rendered":"<p>Chor\u00e9graphies N\u00e9e \u00e0 Vevey en 1980, Carol Appr\u00e9deris se passionne depuis son enfance pour les arts de la sc\u00e8ne tels que le chant, la danse et le th\u00e9\u00e2tre. Elle d\u00e9bute le chant aux c\u00f4t\u00e9s de Patrick Bron au ch\u0153ur d\u2019enfants<\/p>\n","protected":false},"author":1,"featured_media":0,"parent":0,"menu_order":0,"comment_status":"closed","ping_status":"closed","template":"","meta":{"footnotes":""},"yoast_head":"<!-- This site is optimized with the Yoast SEO plugin v22.5 - https:\/\/yoast.com\/wordpress\/plugins\/seo\/ -->\n<title>Choeur \u00e0 corps - Chor\u00e9graphies - Carol Appr\u00e9deris<\/title>\n<meta name=\"description\" content=\"Les chor\u00e9graphies sont sign\u00e9es Carol Appr\u00e9deris depuis 2003. Carol fait \u00e9galement partie des choristes de Ch\u0153ur \u00e0 corps depuis de nombreuses ann\u00e9es.\" \/>\n<meta name=\"robots\" content=\"index, follow, max-snippet:-1, max-image-preview:large, max-video-preview:-1\" \/>\n<link rel=\"canonical\" href=\"https:\/\/choeuracorps.ch\/index.php\/choregraphies\/\" \/>\n<meta property=\"og:locale\" content=\"fr_FR\" \/>\n<meta property=\"og:type\" content=\"article\" \/>\n<meta property=\"og:title\" content=\"Choeur \u00e0 corps - Chor\u00e9graphies - Carol Appr\u00e9deris\" \/>\n<meta property=\"og:description\" content=\"Les chor\u00e9graphies sont sign\u00e9es Carol Appr\u00e9deris depuis 2003. Carol fait \u00e9galement partie des choristes de Ch\u0153ur \u00e0 corps depuis de nombreuses ann\u00e9es.\" \/>\n<meta property=\"og:url\" content=\"https:\/\/choeuracorps.ch\/index.php\/choregraphies\/\" \/>\n<meta property=\"og:site_name\" content=\"Choeur \u00e0 corps\" \/>\n<meta property=\"article:publisher\" content=\"https:\/\/www.facebook.com\/choeuracorps\/\" \/>\n<meta property=\"article:modified_time\" content=\"2024-04-14T17:25:58+00:00\" \/>\n<meta name=\"twitter:card\" content=\"summary_large_image\" \/>\n<meta name=\"twitter:label1\" content=\"Dur\u00e9e de lecture estim\u00e9e\" \/>\n\t<meta name=\"twitter:data1\" content=\"2 minutes\" \/>\n<script type=\"application\/ld+json\" class=\"yoast-schema-graph\">{\"@context\":\"https:\/\/schema.org\",\"@graph\":[{\"@type\":\"WebPage\",\"@id\":\"https:\/\/choeuracorps.ch\/index.php\/choregraphies\/\",\"url\":\"https:\/\/choeuracorps.ch\/index.php\/choregraphies\/\",\"name\":\"Choeur \u00e0 corps - Chor\u00e9graphies - Carol Appr\u00e9deris\",\"isPartOf\":{\"@id\":\"https:\/\/choeuracorps.ch\/#website\"},\"datePublished\":\"2020-04-19T08:11:42+00:00\",\"dateModified\":\"2024-04-14T17:25:58+00:00\",\"description\":\"Les chor\u00e9graphies sont sign\u00e9es Carol Appr\u00e9deris depuis 2003. Carol fait \u00e9galement partie des choristes de Ch\u0153ur \u00e0 corps depuis de nombreuses ann\u00e9es.\",\"breadcrumb\":{\"@id\":\"https:\/\/choeuracorps.ch\/index.php\/choregraphies\/#breadcrumb\"},\"inLanguage\":\"fr-FR\",\"potentialAction\":[{\"@type\":\"ReadAction\",\"target\":[\"https:\/\/choeuracorps.ch\/index.php\/choregraphies\/\"]}]},{\"@type\":\"BreadcrumbList\",\"@id\":\"https:\/\/choeuracorps.ch\/index.php\/choregraphies\/#breadcrumb\",\"itemListElement\":[{\"@type\":\"ListItem\",\"position\":1,\"name\":\"Accueil\",\"item\":\"https:\/\/choeuracorps.ch\/\"},{\"@type\":\"ListItem\",\"position\":2,\"name\":\"Chor\u00e9graphies\"}]},{\"@type\":\"WebSite\",\"@id\":\"https:\/\/choeuracorps.ch\/#website\",\"url\":\"https:\/\/choeuracorps.ch\/\",\"name\":\"Ch\u0153ur \u00e0 corps\",\"description\":\"\",\"potentialAction\":[{\"@type\":\"SearchAction\",\"target\":{\"@type\":\"EntryPoint\",\"urlTemplate\":\"https:\/\/choeuracorps.ch\/?s={search_term_string}\"},\"query-input\":\"required name=search_term_string\"}],\"inLanguage\":\"fr-FR\"}]}<\/script>\n<!-- \/ Yoast SEO plugin. -->","yoast_head_json":{"title":"Choeur \u00e0 corps - Chor\u00e9graphies - Carol Appr\u00e9deris","description":"Les chor\u00e9graphies sont sign\u00e9es Carol Appr\u00e9deris depuis 2003. Carol fait \u00e9galement partie des choristes de Ch\u0153ur \u00e0 corps depuis de nombreuses ann\u00e9es.","robots":{"index":"index","follow":"follow","max-snippet":"max-snippet:-1","max-image-preview":"max-image-preview:large","max-video-preview":"max-video-preview:-1"},"canonical":"https:\/\/choeuracorps.ch\/index.php\/choregraphies\/","og_locale":"fr_FR","og_type":"article","og_title":"Choeur \u00e0 corps - Chor\u00e9graphies - Carol Appr\u00e9deris","og_description":"Les chor\u00e9graphies sont sign\u00e9es Carol Appr\u00e9deris depuis 2003. Carol fait \u00e9galement partie des choristes de Ch\u0153ur \u00e0 corps depuis de nombreuses ann\u00e9es.","og_url":"https:\/\/choeuracorps.ch\/index.php\/choregraphies\/","og_site_name":"Choeur \u00e0 corps","article_publisher":"https:\/\/www.facebook.com\/choeuracorps\/","article_modified_time":"2024-04-14T17:25:58+00:00","twitter_card":"summary_large_image","twitter_misc":{"Dur\u00e9e de lecture estim\u00e9e":"2 minutes"},"schema":{"@context":"https:\/\/schema.org","@graph":[{"@type":"WebPage","@id":"https:\/\/choeuracorps.ch\/index.php\/choregraphies\/","url":"https:\/\/choeuracorps.ch\/index.php\/choregraphies\/","name":"Choeur \u00e0 corps - Chor\u00e9graphies - Carol Appr\u00e9deris","isPartOf":{"@id":"https:\/\/choeuracorps.ch\/#website"},"datePublished":"2020-04-19T08:11:42+00:00","dateModified":"2024-04-14T17:25:58+00:00","description":"Les chor\u00e9graphies sont sign\u00e9es Carol Appr\u00e9deris depuis 2003. Carol fait \u00e9galement partie des choristes de Ch\u0153ur \u00e0 corps depuis de nombreuses ann\u00e9es.","breadcrumb":{"@id":"https:\/\/choeuracorps.ch\/index.php\/choregraphies\/#breadcrumb"},"inLanguage":"fr-FR","potentialAction":[{"@type":"ReadAction","target":["https:\/\/choeuracorps.ch\/index.php\/choregraphies\/"]}]},{"@type":"BreadcrumbList","@id":"https:\/\/choeuracorps.ch\/index.php\/choregraphies\/#breadcrumb","itemListElement":[{"@type":"ListItem","position":1,"name":"Accueil","item":"https:\/\/choeuracorps.ch\/"},{"@type":"ListItem","position":2,"name":"Chor\u00e9graphies"}]},{"@type":"WebSite","@id":"https:\/\/choeuracorps.ch\/#website","url":"https:\/\/choeuracorps.ch\/","name":"Ch\u0153ur \u00e0 corps","description":"","potentialAction":[{"@type":"SearchAction","target":{"@type":"EntryPoint","urlTemplate":"https:\/\/choeuracorps.ch\/?s={search_term_string}"},"query-input":"required name=search_term_string"}],"inLanguage":"fr-FR"}]}},"_links":{"self":[{"href":"https:\/\/choeuracorps.ch\/index.php\/wp-json\/wp\/v2\/pages\/447"}],"collection":[{"href":"https:\/\/choeuracorps.ch\/index.php\/wp-json\/wp\/v2\/pages"}],"about":[{"href":"https:\/\/choeuracorps.ch\/index.php\/wp-json\/wp\/v2\/types\/page"}],"author":[{"embeddable":true,"href":"https:\/\/choeuracorps.ch\/index.php\/wp-json\/wp\/v2\/users\/1"}],"replies":[{"embeddable":true,"href":"https:\/\/choeuracorps.ch\/index.php\/wp-json\/wp\/v2\/comments?post=447"}],"version-history":[{"count":6,"href":"https:\/\/choeuracorps.ch\/index.php\/wp-json\/wp\/v2\/pages\/447\/revisions"}],"predecessor-version":[{"id":1094,"href":"https:\/\/choeuracorps.ch\/index.php\/wp-json\/wp\/v2\/pages\/447\/revisions\/1094"}],"wp:attachment":[{"href":"https:\/\/choeuracorps.ch\/index.php\/wp-json\/wp\/v2\/media?parent=447"}],"curies":[{"name":"wp","href":"https:\/\/api.w.org\/{rel}","templated":true}]}}