{"id":157,"date":"2018-11-14T10:16:32","date_gmt":"2018-11-14T09:16:32","guid":{"rendered":"http:\/\/localhost\/wordpress\/?page_id=157"},"modified":"2024-03-22T09:13:48","modified_gmt":"2024-03-22T08:13:48","slug":"nos-histoires-da","status":"publish","type":"page","link":"https:\/\/choeuracorps.ch\/index.php\/nos-histoires-da\/","title":{"rendered":"Nos histoires d&rsquo;A"},"content":{"rendered":"\n<h2 class=\"has-vivid-red-color has-text-color wp-block-heading\" style=\"font-size:26px\">Nos histoires d&rsquo;A<\/h2>\n\n\n<h5><span style=\"color: #000000;\">Teaser de notre spectacle :<\/span><\/h5>\n\n\t<div class=\"slideshow_container slideshow_container_style-light\" style=\"height: 400px; \" data-slideshow-id=\"418\" data-style-name=\"style-light\" data-style-version=\"2.3.1\" >\n\n\t\t\t\t\t<div class=\"slideshow_loading_icon\"><\/div>\n\t\t\n\t\t<div class=\"slideshow_content\" style=\"display: none;\">\n\n\t\t\t<div class=\"slideshow_view\">\n\t<div class=\"slideshow_slide slideshow_slide_video\">\n\t\t<div class=\"slideshow_slide_video_id\" style=\"display: none;\" data-show-related-videos=\"0\">fQtff4zlGhk<\/div>\n\t<\/div>\n<div style=\"clear: both;\"><\/div><\/div><div class=\"slideshow_view\">\n\t\t\t\t<div class=\"slideshow_slide slideshow_slide_image\">\n\t\t\t\t\t\t\t\t\t\t\t<img src=\"https:\/\/choeuracorps.ch\/wp-content\/uploads\/2019\/06\/PhotoReviewSite.jpg\" alt=\"Nos histoires d&#039;A\" width=\"1280\" height=\"909\" \/>\n\t\t\t\t\t\t\t\t\t\t<div class=\"slideshow_description_box slideshow_transparent\">\n\t\t\t\t\t\t\t\t\t\t\t\t\t\t\t\t\t<\/div>\n\t\t\t\t<\/div>\n\n\t\t\t\t\t\t<div style=\"clear: both;\"><\/div><\/div>\n\t\t<\/div>\n\n\t\t<div class=\"slideshow_controlPanel slideshow_transparent\" style=\"display: none;\"><ul><li class=\"slideshow_togglePlay\" data-play-text=\"Play\" data-pause-text=\"Pause\"><\/li><\/ul><\/div>\n\n\t\t<div class=\"slideshow_button slideshow_previous slideshow_transparent\" role=\"button\" data-previous-text=\"Pr\u00e9c\u00e9dent\" style=\"display: none;\"><\/div>\n\t\t<div class=\"slideshow_button slideshow_next slideshow_transparent\" role=\"button\" data-next-text=\"Suivant\" style=\"display: none;\"><\/div>\n\n\t\t<div class=\"slideshow_pagination\" style=\"display: none;\" data-go-to-text=\"Go to slide\"><div class=\"slideshow_pagination_center\"><\/div><\/div>\n\n\t\t<!-- WordPress Slideshow Version 2.3.1 -->\n\n\t\t\t<\/div>\n\n\n<p style=\"text-align: center;\">Nos histoires&#8230; vos histoires. Ces histoires qui se nouent, se croisent et se percutent \u00e0 l\u2019infini.<br \/>Qui nous usent le c\u0153ur et le corps. Notre Histoire d\u2019Amour et ses multiples sentiers. Une poign\u00e9e<br \/>de femmes, qui pourraient incarner Toutes les femmes, se racontent, se d\u00e9voilent \u00e0 nous,<br \/>dans toute la force et la sensibilit\u00e9 de leur condition.<\/p>\n<p style=\"text-align: center;\">\u00catre une femme, c\u2019est \u00eatre \u00e0 la fois : la dame de fer qui se v\u00eat d\u2019une armure pour parvenir \u00e0<br \/>faire sa place, la s\u00e9ductrice \u00e9blouissante d\u2019amour, la jeune mari\u00e9e d\u00e9j\u00e0 d\u00e9\u00e7ue dans sa robe<br \/>immacul\u00e9e, la maman qui sourit par-dessus son incalculable fatigue, l\u2019amante qui hurle de<br \/>douleur dans la nuit mais se rel\u00e8ve bravement au matin parce que tout doit continuer,<br \/>l\u2019adolescente rebelle (oui, cette petite fille aux genoux couronn\u00e9s toujours l\u00e0, au creux de<br \/>notre \u00e2me), la femme qui se bat pour le garder encore, celle qui se donne, celle qui n\u2019a d\u2019autre<br \/>choix que la fuite\u2026<\/p>\n<p style=\"text-align: center;\">Ce ch\u0153ur \u00e0 vif va se livrer \u00e0 vous, \u00e0 travers un long chant d\u2019amour courageux et \u00e9corch\u00e9, et<br \/>vous dire, sans m\u00e2cher ses mots que les histoires d\u2019amour finissent mal\u2026 en g\u00e9n\u00e9ral, mais que<br \/>\u00e7a vaut la peine d\u2019y plonger.<\/p>\n<p style=\"text-align: center;\">Dans ce spectacle, Ch\u0153ur \u00e0 corps vous emporte \u00e0 la rencontre de vos sublimes cicatrices, un voyage au plus pr\u00e8s de vos c\u0153urs d\u2019amoureux.<\/p>","protected":false},"excerpt":{"rendered":"<p>Nos histoires d&rsquo;A Teaser de notre spectacle : Nos histoires&#8230; vos histoires. Ces histoires qui se nouent, se croisent et se percutent \u00e0 l\u2019infini.Qui nous usent le c\u0153ur et le corps. Notre Histoire d\u2019Amour et ses multiples sentiers. Une poign\u00e9ede<\/p>\n","protected":false},"author":1,"featured_media":284,"parent":0,"menu_order":0,"comment_status":"closed","ping_status":"closed","template":"page-templates\/right-sidebar.php","meta":{"footnotes":""},"yoast_head":"<!-- This site is optimized with the Yoast SEO plugin v22.5 - https:\/\/yoast.com\/wordpress\/plugins\/seo\/ -->\n<title>Choeur \u00e0 corps - &quot;Nos histoires d&#039;A&quot;<\/title>\n<meta name=\"description\" content=\"&quot;Nos histoires d&#039;A&quot;, spectacle pr\u00e9sent\u00e9 pour la premi\u00e8re fois en 2019, sous la direction de notre pr\u00e9c\u00e9dent chef de choeur, Timoth\u00e9e Haller. Chor\u00e9graphies sign\u00e9es par Carol Appr\u00e9deris. Nos histoires... vos histoires. Ces histoires qui se nouent, se croisent et se percutent \u00e0 l\u2019infini .Qui nous usent le c\u0153ur et le corps. Notre Histoire d\u2019Amour et ses multiples sentiers. Une poign\u00e9e de femmes, qui pourraient incarner Toutes les femmes, se racontent, se d\u00e9voilent \u00e0 nous,dans toute la force et la sensibilit\u00e9 de leur condition.\" \/>\n<meta name=\"robots\" content=\"index, follow, max-snippet:-1, max-image-preview:large, max-video-preview:-1\" \/>\n<link rel=\"canonical\" href=\"https:\/\/choeuracorps.ch\/index.php\/nos-histoires-da\/\" \/>\n<meta property=\"og:locale\" content=\"fr_FR\" \/>\n<meta property=\"og:type\" content=\"article\" \/>\n<meta property=\"og:title\" content=\"Choeur \u00e0 corps - &quot;Nos histoires d&#039;A&quot;\" \/>\n<meta property=\"og:description\" content=\"&quot;Nos histoires d&#039;A&quot;, spectacle pr\u00e9sent\u00e9 pour la premi\u00e8re fois en 2019, sous la direction de notre pr\u00e9c\u00e9dent chef de choeur, Timoth\u00e9e Haller. Chor\u00e9graphies sign\u00e9es par Carol Appr\u00e9deris. Nos histoires... vos histoires. Ces histoires qui se nouent, se croisent et se percutent \u00e0 l\u2019infini .Qui nous usent le c\u0153ur et le corps. Notre Histoire d\u2019Amour et ses multiples sentiers. Une poign\u00e9e de femmes, qui pourraient incarner Toutes les femmes, se racontent, se d\u00e9voilent \u00e0 nous,dans toute la force et la sensibilit\u00e9 de leur condition.\" \/>\n<meta property=\"og:url\" content=\"https:\/\/choeuracorps.ch\/index.php\/nos-histoires-da\/\" \/>\n<meta property=\"og:site_name\" content=\"Choeur \u00e0 corps\" \/>\n<meta property=\"article:publisher\" content=\"https:\/\/www.facebook.com\/choeuracorps\/\" \/>\n<meta property=\"article:modified_time\" content=\"2024-03-22T08:13:48+00:00\" \/>\n<meta property=\"og:image\" content=\"https:\/\/choeuracorps.ch\/wp-content\/uploads\/2019\/01\/histoireDa.jpg\" \/>\n\t<meta property=\"og:image:width\" content=\"1280\" \/>\n\t<meta property=\"og:image:height\" content=\"897\" \/>\n\t<meta property=\"og:image:type\" content=\"image\/jpeg\" \/>\n<meta name=\"twitter:card\" content=\"summary_large_image\" \/>\n<meta name=\"twitter:label1\" content=\"Dur\u00e9e de lecture estim\u00e9e\" \/>\n\t<meta name=\"twitter:data1\" content=\"2 minutes\" \/>\n<script type=\"application\/ld+json\" class=\"yoast-schema-graph\">{\"@context\":\"https:\/\/schema.org\",\"@graph\":[{\"@type\":\"WebPage\",\"@id\":\"https:\/\/choeuracorps.ch\/index.php\/nos-histoires-da\/\",\"url\":\"https:\/\/choeuracorps.ch\/index.php\/nos-histoires-da\/\",\"name\":\"Choeur \u00e0 corps - \\\"Nos histoires d'A\\\"\",\"isPartOf\":{\"@id\":\"https:\/\/choeuracorps.ch\/#website\"},\"primaryImageOfPage\":{\"@id\":\"https:\/\/choeuracorps.ch\/index.php\/nos-histoires-da\/#primaryimage\"},\"image\":{\"@id\":\"https:\/\/choeuracorps.ch\/index.php\/nos-histoires-da\/#primaryimage\"},\"thumbnailUrl\":\"https:\/\/choeuracorps.ch\/wp-content\/uploads\/2019\/01\/histoireDa.jpg\",\"datePublished\":\"2018-11-14T09:16:32+00:00\",\"dateModified\":\"2024-03-22T08:13:48+00:00\",\"description\":\"\\\"Nos histoires d'A\\\", spectacle pr\u00e9sent\u00e9 pour la premi\u00e8re fois en 2019, sous la direction de notre pr\u00e9c\u00e9dent chef de choeur, Timoth\u00e9e Haller. Chor\u00e9graphies sign\u00e9es par Carol Appr\u00e9deris. Nos histoires... vos histoires. Ces histoires qui se nouent, se croisent et se percutent \u00e0 l\u2019infini .Qui nous usent le c\u0153ur et le corps. Notre Histoire d\u2019Amour et ses multiples sentiers. Une poign\u00e9e de femmes, qui pourraient incarner Toutes les femmes, se racontent, se d\u00e9voilent \u00e0 nous,dans toute la force et la sensibilit\u00e9 de leur condition.\",\"breadcrumb\":{\"@id\":\"https:\/\/choeuracorps.ch\/index.php\/nos-histoires-da\/#breadcrumb\"},\"inLanguage\":\"fr-FR\",\"potentialAction\":[{\"@type\":\"ReadAction\",\"target\":[\"https:\/\/choeuracorps.ch\/index.php\/nos-histoires-da\/\"]}]},{\"@type\":\"ImageObject\",\"inLanguage\":\"fr-FR\",\"@id\":\"https:\/\/choeuracorps.ch\/index.php\/nos-histoires-da\/#primaryimage\",\"url\":\"https:\/\/choeuracorps.ch\/wp-content\/uploads\/2019\/01\/histoireDa.jpg\",\"contentUrl\":\"https:\/\/choeuracorps.ch\/wp-content\/uploads\/2019\/01\/histoireDa.jpg\",\"width\":1280,\"height\":897},{\"@type\":\"BreadcrumbList\",\"@id\":\"https:\/\/choeuracorps.ch\/index.php\/nos-histoires-da\/#breadcrumb\",\"itemListElement\":[{\"@type\":\"ListItem\",\"position\":1,\"name\":\"Accueil\",\"item\":\"https:\/\/choeuracorps.ch\/\"},{\"@type\":\"ListItem\",\"position\":2,\"name\":\"Nos histoires d&rsquo;A\"}]},{\"@type\":\"WebSite\",\"@id\":\"https:\/\/choeuracorps.ch\/#website\",\"url\":\"https:\/\/choeuracorps.ch\/\",\"name\":\"Ch\u0153ur \u00e0 corps\",\"description\":\"\",\"potentialAction\":[{\"@type\":\"SearchAction\",\"target\":{\"@type\":\"EntryPoint\",\"urlTemplate\":\"https:\/\/choeuracorps.ch\/?s={search_term_string}\"},\"query-input\":\"required name=search_term_string\"}],\"inLanguage\":\"fr-FR\"}]}<\/script>\n<!-- \/ Yoast SEO plugin. -->","yoast_head_json":{"title":"Choeur \u00e0 corps - \"Nos histoires d'A\"","description":"\"Nos histoires d'A\", spectacle pr\u00e9sent\u00e9 pour la premi\u00e8re fois en 2019, sous la direction de notre pr\u00e9c\u00e9dent chef de choeur, Timoth\u00e9e Haller. Chor\u00e9graphies sign\u00e9es par Carol Appr\u00e9deris. Nos histoires... vos histoires. Ces histoires qui se nouent, se croisent et se percutent \u00e0 l\u2019infini .Qui nous usent le c\u0153ur et le corps. Notre Histoire d\u2019Amour et ses multiples sentiers. Une poign\u00e9e de femmes, qui pourraient incarner Toutes les femmes, se racontent, se d\u00e9voilent \u00e0 nous,dans toute la force et la sensibilit\u00e9 de leur condition.","robots":{"index":"index","follow":"follow","max-snippet":"max-snippet:-1","max-image-preview":"max-image-preview:large","max-video-preview":"max-video-preview:-1"},"canonical":"https:\/\/choeuracorps.ch\/index.php\/nos-histoires-da\/","og_locale":"fr_FR","og_type":"article","og_title":"Choeur \u00e0 corps - \"Nos histoires d'A\"","og_description":"\"Nos histoires d'A\", spectacle pr\u00e9sent\u00e9 pour la premi\u00e8re fois en 2019, sous la direction de notre pr\u00e9c\u00e9dent chef de choeur, Timoth\u00e9e Haller. Chor\u00e9graphies sign\u00e9es par Carol Appr\u00e9deris. Nos histoires... vos histoires. Ces histoires qui se nouent, se croisent et se percutent \u00e0 l\u2019infini .Qui nous usent le c\u0153ur et le corps. Notre Histoire d\u2019Amour et ses multiples sentiers. Une poign\u00e9e de femmes, qui pourraient incarner Toutes les femmes, se racontent, se d\u00e9voilent \u00e0 nous,dans toute la force et la sensibilit\u00e9 de leur condition.","og_url":"https:\/\/choeuracorps.ch\/index.php\/nos-histoires-da\/","og_site_name":"Choeur \u00e0 corps","article_publisher":"https:\/\/www.facebook.com\/choeuracorps\/","article_modified_time":"2024-03-22T08:13:48+00:00","og_image":[{"width":1280,"height":897,"url":"https:\/\/choeuracorps.ch\/wp-content\/uploads\/2019\/01\/histoireDa.jpg","type":"image\/jpeg"}],"twitter_card":"summary_large_image","twitter_misc":{"Dur\u00e9e de lecture estim\u00e9e":"2 minutes"},"schema":{"@context":"https:\/\/schema.org","@graph":[{"@type":"WebPage","@id":"https:\/\/choeuracorps.ch\/index.php\/nos-histoires-da\/","url":"https:\/\/choeuracorps.ch\/index.php\/nos-histoires-da\/","name":"Choeur \u00e0 corps - \"Nos histoires d'A\"","isPartOf":{"@id":"https:\/\/choeuracorps.ch\/#website"},"primaryImageOfPage":{"@id":"https:\/\/choeuracorps.ch\/index.php\/nos-histoires-da\/#primaryimage"},"image":{"@id":"https:\/\/choeuracorps.ch\/index.php\/nos-histoires-da\/#primaryimage"},"thumbnailUrl":"https:\/\/choeuracorps.ch\/wp-content\/uploads\/2019\/01\/histoireDa.jpg","datePublished":"2018-11-14T09:16:32+00:00","dateModified":"2024-03-22T08:13:48+00:00","description":"\"Nos histoires d'A\", spectacle pr\u00e9sent\u00e9 pour la premi\u00e8re fois en 2019, sous la direction de notre pr\u00e9c\u00e9dent chef de choeur, Timoth\u00e9e Haller. Chor\u00e9graphies sign\u00e9es par Carol Appr\u00e9deris. Nos histoires... vos histoires. Ces histoires qui se nouent, se croisent et se percutent \u00e0 l\u2019infini .Qui nous usent le c\u0153ur et le corps. Notre Histoire d\u2019Amour et ses multiples sentiers. Une poign\u00e9e de femmes, qui pourraient incarner Toutes les femmes, se racontent, se d\u00e9voilent \u00e0 nous,dans toute la force et la sensibilit\u00e9 de leur condition.","breadcrumb":{"@id":"https:\/\/choeuracorps.ch\/index.php\/nos-histoires-da\/#breadcrumb"},"inLanguage":"fr-FR","potentialAction":[{"@type":"ReadAction","target":["https:\/\/choeuracorps.ch\/index.php\/nos-histoires-da\/"]}]},{"@type":"ImageObject","inLanguage":"fr-FR","@id":"https:\/\/choeuracorps.ch\/index.php\/nos-histoires-da\/#primaryimage","url":"https:\/\/choeuracorps.ch\/wp-content\/uploads\/2019\/01\/histoireDa.jpg","contentUrl":"https:\/\/choeuracorps.ch\/wp-content\/uploads\/2019\/01\/histoireDa.jpg","width":1280,"height":897},{"@type":"BreadcrumbList","@id":"https:\/\/choeuracorps.ch\/index.php\/nos-histoires-da\/#breadcrumb","itemListElement":[{"@type":"ListItem","position":1,"name":"Accueil","item":"https:\/\/choeuracorps.ch\/"},{"@type":"ListItem","position":2,"name":"Nos histoires d&rsquo;A"}]},{"@type":"WebSite","@id":"https:\/\/choeuracorps.ch\/#website","url":"https:\/\/choeuracorps.ch\/","name":"Ch\u0153ur \u00e0 corps","description":"","potentialAction":[{"@type":"SearchAction","target":{"@type":"EntryPoint","urlTemplate":"https:\/\/choeuracorps.ch\/?s={search_term_string}"},"query-input":"required name=search_term_string"}],"inLanguage":"fr-FR"}]}},"_links":{"self":[{"href":"https:\/\/choeuracorps.ch\/index.php\/wp-json\/wp\/v2\/pages\/157"}],"collection":[{"href":"https:\/\/choeuracorps.ch\/index.php\/wp-json\/wp\/v2\/pages"}],"about":[{"href":"https:\/\/choeuracorps.ch\/index.php\/wp-json\/wp\/v2\/types\/page"}],"author":[{"embeddable":true,"href":"https:\/\/choeuracorps.ch\/index.php\/wp-json\/wp\/v2\/users\/1"}],"replies":[{"embeddable":true,"href":"https:\/\/choeuracorps.ch\/index.php\/wp-json\/wp\/v2\/comments?post=157"}],"version-history":[{"count":24,"href":"https:\/\/choeuracorps.ch\/index.php\/wp-json\/wp\/v2\/pages\/157\/revisions"}],"predecessor-version":[{"id":1047,"href":"https:\/\/choeuracorps.ch\/index.php\/wp-json\/wp\/v2\/pages\/157\/revisions\/1047"}],"wp:featuredmedia":[{"embeddable":true,"href":"https:\/\/choeuracorps.ch\/index.php\/wp-json\/wp\/v2\/media\/284"}],"wp:attachment":[{"href":"https:\/\/choeuracorps.ch\/index.php\/wp-json\/wp\/v2\/media?parent=157"}],"curies":[{"name":"wp","href":"https:\/\/api.w.org\/{rel}","templated":true}]}}